{"id":267,"date":"2024-03-18T00:00:00","date_gmt":"2024-03-18T00:00:00","guid":{"rendered":"https:\/\/nilin.org.pl\/warszawski-szczyt-ochrony-zdrowia-z-nil-in\/"},"modified":"2025-06-05T23:52:55","modified_gmt":"2025-06-05T23:52:55","slug":"warszawski-szczyt-ochrony-zdrowia-z-nil-in","status":"publish","type":"wydarzenie","link":"https:\/\/nilin.org.pl\/en\/wydarzenie\/warszawski-szczyt-ochrony-zdrowia-z-nil-in\/","title":{"rendered":"Warszawski Szczyt Ochrony Zdrowia z NIL IN"},"content":{"rendered":"<figure class=\"wp-block-post-featured-image\"><img loading=\"lazy\" decoding=\"async\" width=\"800\" height=\"499\" src=\"https:\/\/nilin.org.pl\/wp-content\/uploads\/2024\/03\/szczyt.jpeg\" class=\"attachment-post-thumbnail size-post-thumbnail wp-post-image\" alt=\"\" style=\"object-fit:cover;\" \/><\/figure>\n\n\n<p>13 marca w Warszawie odby\u0142 si\u0119 Warszawski Szczyt Ochrony Zdrowia. Spotkanie s\u0142u\u017cy\u0142o propagowaniu wiedzy z zakresu ochrony \u015brodowiska, ekologii, bezpiecznej farmacji, zielonych zam\u00f3wie\u0144 i dostaw dla sektora zdrowotnego, prawa medycznego, zr\u00f3wnowa\u017conego rozwoju kadry medycznej, nowych technologii oraz wykorzystania sztucznej inteligencji w zarz\u0105dzaniu plac\u00f3wkami ochrony zdrowia.<\/p>\n\n\n\n<p>Na zako\u0144czenie wydarzenia mia\u0142 miejsce panel &#8211; Okr\u0105g\u0142y st\u00f3\u0142 ochrony zdrowia, kt\u00f3rego celem by\u0142o podsumowanie ca\u0142ego wydarzenia. <strong>\u0141ukasz Sosnowski<\/strong>, Partner Operacyjny NIL IN reprezentowa\u0142 nas tam i podkre\u015bli\u0142, \u017ce NIL IN realizuje wizj\u0119 samorz\u0105du przysz\u0142o\u015bci, dlatego mocno anga\u017cuje si\u0119 w kszta\u0142towanie innowacji medycznych i zmieniaj\u0105cych ochron\u0119 zdrowia, w kt\u00f3rych kluczow\u0105 rol\u0119 pe\u0142ni\u0105 lekarki i lekarze.<\/p>\n\n\n\n<p>&nbsp;<\/p>\n","protected":false},"featured_media":1408,"parent":0,"template":"","meta":{"_acf_changed":false},"kategoria-grupy-badawczej":[],"class_list":["post-267","wydarzenie","type-wydarzenie","status-publish","has-post-thumbnail","hentry"],"acf":[],"yoast_head":"<!-- This site is optimized with the Yoast SEO plugin v27.5 - https:\/\/yoast.com\/product\/yoast-seo-wordpress\/ -->\n<title>Warszawski Szczyt Ochrony Zdrowia z NIL IN - Naczelna Izba Lekarska - NIL IN - Sie\u0107 Lekarzy Innowator\u00f3w<\/title>\n<meta name=\"robots\" content=\"index, follow, max-snippet:-1, max-image-preview:large, max-video-preview:-1\" \/>\n<link rel=\"canonical\" href=\"https:\/\/nilin.org.pl\/en\/wydarzenie\/warszawski-szczyt-ochrony-zdrowia-z-nil-in\/\" \/>\n<meta property=\"og:locale\" content=\"en_US\" \/>\n<meta property=\"og:type\" content=\"article\" \/>\n<meta property=\"og:title\" content=\"Warszawski Szczyt Ochrony Zdrowia z NIL IN - Naczelna Izba Lekarska - NIL IN - Sie\u0107 Lekarzy Innowator\u00f3w\" \/>\n<meta property=\"og:description\" content=\"13 marca w Warszawie odby\u0142 si\u0119 Warszawski Szczyt Ochrony Zdrowia. Spotkanie s\u0142u\u017cy\u0142o propagowaniu wiedzy z zakresu ochrony \u015brodowiska, ekologii, bezpiecznej farmacji, zielonych zam\u00f3wie\u0144 i dostaw dla sektora zdrowotnego, prawa medycznego, zr\u00f3wnowa\u017conego rozwoju kadry medycznej, nowych technologii oraz wykorzystania sztucznej inteligencji w zarz\u0105dzaniu plac\u00f3wkami ochrony zdrowia. Na zako\u0144czenie wydarzenia mia\u0142 miejsce panel &#8211; Okr\u0105g\u0142y st\u00f3\u0142 ochrony [&hellip;]\" \/>\n<meta property=\"og:url\" content=\"https:\/\/nilin.org.pl\/en\/wydarzenie\/warszawski-szczyt-ochrony-zdrowia-z-nil-in\/\" \/>\n<meta property=\"og:site_name\" content=\"Naczelna Izba Lekarska - NIL IN - Sie\u0107 Lekarzy Innowator\u00f3w\" \/>\n<meta property=\"article:modified_time\" content=\"2025-06-05T23:52:55+00:00\" \/>\n<meta property=\"og:image\" content=\"https:\/\/nilin.org.pl\/wp-content\/uploads\/2024\/03\/szczyt.jpeg\" \/>\n\t<meta property=\"og:image:width\" content=\"800\" \/>\n\t<meta property=\"og:image:height\" content=\"499\" \/>\n\t<meta property=\"og:image:type\" content=\"image\/jpeg\" \/>\n<meta name=\"twitter:card\" content=\"summary_large_image\" \/>\n<meta name=\"twitter:label1\" content=\"Est. reading time\" \/>\n\t<meta name=\"twitter:data1\" content=\"1 minute\" \/>\n<script type=\"application\/ld+json\" class=\"yoast-schema-graph\">{\"@context\":\"https:\\\/\\\/schema.org\",\"@graph\":[{\"@type\":\"WebPage\",\"@id\":\"https:\\\/\\\/nilin.org.pl\\\/en\\\/wydarzenie\\\/warszawski-szczyt-ochrony-zdrowia-z-nil-in\\\/\",\"url\":\"https:\\\/\\\/nilin.org.pl\\\/en\\\/wydarzenie\\\/warszawski-szczyt-ochrony-zdrowia-z-nil-in\\\/\",\"name\":\"Warszawski Szczyt Ochrony Zdrowia z NIL IN - Naczelna Izba Lekarska - NIL IN - Sie\u0107 Lekarzy Innowator\u00f3w\",\"isPartOf\":{\"@id\":\"https:\\\/\\\/nilin.org.pl\\\/en\\\/#website\"},\"primaryImageOfPage\":{\"@id\":\"https:\\\/\\\/nilin.org.pl\\\/en\\\/wydarzenie\\\/warszawski-szczyt-ochrony-zdrowia-z-nil-in\\\/#primaryimage\"},\"image\":{\"@id\":\"https:\\\/\\\/nilin.org.pl\\\/en\\\/wydarzenie\\\/warszawski-szczyt-ochrony-zdrowia-z-nil-in\\\/#primaryimage\"},\"thumbnailUrl\":\"https:\\\/\\\/nilin.org.pl\\\/wp-content\\\/uploads\\\/2024\\\/03\\\/szczyt.jpeg\",\"datePublished\":\"2024-03-18T00:00:00+00:00\",\"dateModified\":\"2025-06-05T23:52:55+00:00\",\"breadcrumb\":{\"@id\":\"https:\\\/\\\/nilin.org.pl\\\/en\\\/wydarzenie\\\/warszawski-szczyt-ochrony-zdrowia-z-nil-in\\\/#breadcrumb\"},\"inLanguage\":\"en-US\",\"potentialAction\":[{\"@type\":\"ReadAction\",\"target\":[\"https:\\\/\\\/nilin.org.pl\\\/en\\\/wydarzenie\\\/warszawski-szczyt-ochrony-zdrowia-z-nil-in\\\/\"]}]},{\"@type\":\"ImageObject\",\"inLanguage\":\"en-US\",\"@id\":\"https:\\\/\\\/nilin.org.pl\\\/en\\\/wydarzenie\\\/warszawski-szczyt-ochrony-zdrowia-z-nil-in\\\/#primaryimage\",\"url\":\"https:\\\/\\\/nilin.org.pl\\\/wp-content\\\/uploads\\\/2024\\\/03\\\/szczyt.jpeg\",\"contentUrl\":\"https:\\\/\\\/nilin.org.pl\\\/wp-content\\\/uploads\\\/2024\\\/03\\\/szczyt.jpeg\",\"width\":800,\"height\":499},{\"@type\":\"BreadcrumbList\",\"@id\":\"https:\\\/\\\/nilin.org.pl\\\/en\\\/wydarzenie\\\/warszawski-szczyt-ochrony-zdrowia-z-nil-in\\\/#breadcrumb\",\"itemListElement\":[{\"@type\":\"ListItem\",\"position\":1,\"name\":\"Strona g\u0142\u00f3wna\",\"item\":\"https:\\\/\\\/nilin.org.pl\\\/en\\\/\"},{\"@type\":\"ListItem\",\"position\":2,\"name\":\"Warszawski Szczyt Ochrony Zdrowia z NIL IN\"}]},{\"@type\":\"WebSite\",\"@id\":\"https:\\\/\\\/nilin.org.pl\\\/en\\\/#website\",\"url\":\"https:\\\/\\\/nilin.org.pl\\\/en\\\/\",\"name\":\"Naczelna Izba Lekarska - NIL IN - Sie\u0107 Lekarzy Innowator\u00f3w\",\"description\":\"\",\"potentialAction\":[{\"@type\":\"SearchAction\",\"target\":{\"@type\":\"EntryPoint\",\"urlTemplate\":\"https:\\\/\\\/nilin.org.pl\\\/en\\\/?s={search_term_string}\"},\"query-input\":{\"@type\":\"PropertyValueSpecification\",\"valueRequired\":true,\"valueName\":\"search_term_string\"}}],\"inLanguage\":\"en-US\"}]}<\/script>\n<!-- \/ Yoast SEO plugin. -->","yoast_head_json":{"title":"Warszawski Szczyt Ochrony Zdrowia z NIL IN - Naczelna Izba Lekarska - NIL IN - Sie\u0107 Lekarzy Innowator\u00f3w","robots":{"index":"index","follow":"follow","max-snippet":"max-snippet:-1","max-image-preview":"max-image-preview:large","max-video-preview":"max-video-preview:-1"},"canonical":"https:\/\/nilin.org.pl\/en\/wydarzenie\/warszawski-szczyt-ochrony-zdrowia-z-nil-in\/","og_locale":"en_US","og_type":"article","og_title":"Warszawski Szczyt Ochrony Zdrowia z NIL IN - Naczelna Izba Lekarska - NIL IN - Sie\u0107 Lekarzy Innowator\u00f3w","og_description":"13 marca w Warszawie odby\u0142 si\u0119 Warszawski Szczyt Ochrony Zdrowia. Spotkanie s\u0142u\u017cy\u0142o propagowaniu wiedzy z zakresu ochrony \u015brodowiska, ekologii, bezpiecznej farmacji, zielonych zam\u00f3wie\u0144 i dostaw dla sektora zdrowotnego, prawa medycznego, zr\u00f3wnowa\u017conego rozwoju kadry medycznej, nowych technologii oraz wykorzystania sztucznej inteligencji w zarz\u0105dzaniu plac\u00f3wkami ochrony zdrowia. Na zako\u0144czenie wydarzenia mia\u0142 miejsce panel &#8211; Okr\u0105g\u0142y st\u00f3\u0142 ochrony [&hellip;]","og_url":"https:\/\/nilin.org.pl\/en\/wydarzenie\/warszawski-szczyt-ochrony-zdrowia-z-nil-in\/","og_site_name":"Naczelna Izba Lekarska - NIL IN - Sie\u0107 Lekarzy Innowator\u00f3w","article_modified_time":"2025-06-05T23:52:55+00:00","og_image":[{"width":800,"height":499,"url":"https:\/\/nilin.org.pl\/wp-content\/uploads\/2024\/03\/szczyt.jpeg","type":"image\/jpeg"}],"twitter_card":"summary_large_image","twitter_misc":{"Est. reading time":"1 minute"},"schema":{"@context":"https:\/\/schema.org","@graph":[{"@type":"WebPage","@id":"https:\/\/nilin.org.pl\/en\/wydarzenie\/warszawski-szczyt-ochrony-zdrowia-z-nil-in\/","url":"https:\/\/nilin.org.pl\/en\/wydarzenie\/warszawski-szczyt-ochrony-zdrowia-z-nil-in\/","name":"Warszawski Szczyt Ochrony Zdrowia z NIL IN - Naczelna Izba Lekarska - NIL IN - Sie\u0107 Lekarzy Innowator\u00f3w","isPartOf":{"@id":"https:\/\/nilin.org.pl\/en\/#website"},"primaryImageOfPage":{"@id":"https:\/\/nilin.org.pl\/en\/wydarzenie\/warszawski-szczyt-ochrony-zdrowia-z-nil-in\/#primaryimage"},"image":{"@id":"https:\/\/nilin.org.pl\/en\/wydarzenie\/warszawski-szczyt-ochrony-zdrowia-z-nil-in\/#primaryimage"},"thumbnailUrl":"https:\/\/nilin.org.pl\/wp-content\/uploads\/2024\/03\/szczyt.jpeg","datePublished":"2024-03-18T00:00:00+00:00","dateModified":"2025-06-05T23:52:55+00:00","breadcrumb":{"@id":"https:\/\/nilin.org.pl\/en\/wydarzenie\/warszawski-szczyt-ochrony-zdrowia-z-nil-in\/#breadcrumb"},"inLanguage":"en-US","potentialAction":[{"@type":"ReadAction","target":["https:\/\/nilin.org.pl\/en\/wydarzenie\/warszawski-szczyt-ochrony-zdrowia-z-nil-in\/"]}]},{"@type":"ImageObject","inLanguage":"en-US","@id":"https:\/\/nilin.org.pl\/en\/wydarzenie\/warszawski-szczyt-ochrony-zdrowia-z-nil-in\/#primaryimage","url":"https:\/\/nilin.org.pl\/wp-content\/uploads\/2024\/03\/szczyt.jpeg","contentUrl":"https:\/\/nilin.org.pl\/wp-content\/uploads\/2024\/03\/szczyt.jpeg","width":800,"height":499},{"@type":"BreadcrumbList","@id":"https:\/\/nilin.org.pl\/en\/wydarzenie\/warszawski-szczyt-ochrony-zdrowia-z-nil-in\/#breadcrumb","itemListElement":[{"@type":"ListItem","position":1,"name":"Strona g\u0142\u00f3wna","item":"https:\/\/nilin.org.pl\/en\/"},{"@type":"ListItem","position":2,"name":"Warszawski Szczyt Ochrony Zdrowia z NIL IN"}]},{"@type":"WebSite","@id":"https:\/\/nilin.org.pl\/en\/#website","url":"https:\/\/nilin.org.pl\/en\/","name":"Naczelna Izba Lekarska - NIL IN - Sie\u0107 Lekarzy Innowator\u00f3w","description":"","potentialAction":[{"@type":"SearchAction","target":{"@type":"EntryPoint","urlTemplate":"https:\/\/nilin.org.pl\/en\/?s={search_term_string}"},"query-input":{"@type":"PropertyValueSpecification","valueRequired":true,"valueName":"search_term_string"}}],"inLanguage":"en-US"}]}},"_links":{"self":[{"href":"https:\/\/nilin.org.pl\/en\/wp-json\/wp\/v2\/wydarzenie\/267","targetHints":{"allow":["GET"]}}],"collection":[{"href":"https:\/\/nilin.org.pl\/en\/wp-json\/wp\/v2\/wydarzenie"}],"about":[{"href":"https:\/\/nilin.org.pl\/en\/wp-json\/wp\/v2\/types\/wydarzenie"}],"wp:featuredmedia":[{"embeddable":true,"href":"https:\/\/nilin.org.pl\/en\/wp-json\/wp\/v2\/media\/1408"}],"wp:attachment":[{"href":"https:\/\/nilin.org.pl\/en\/wp-json\/wp\/v2\/media?parent=267"}],"wp:term":[{"taxonomy":"kategoria-grupy-badawczej","embeddable":true,"href":"https:\/\/nilin.org.pl\/en\/wp-json\/wp\/v2\/kategoria-grupy-badawczej?post=267"}],"curies":[{"name":"wp","href":"https:\/\/api.w.org\/{rel}","templated":true}]}}